{"id":2062,"date":"2018-04-30T14:37:17","date_gmt":"2018-04-30T14:37:17","guid":{"rendered":"https:\/\/grigoryan.cat\/?page_id=2062"},"modified":"2018-04-30T14:37:17","modified_gmt":"2018-04-30T14:37:17","slug":"politica-de-privacitat","status":"publish","type":"page","link":"https:\/\/grigoryan.cat\/en\/politica-de-privacitat\/","title":{"rendered":"POL\u00cdTICA DE PRIVACITAT"},"content":{"rendered":"<div id=\"pl-2062\"  class=\"panel-layout\" ><div id=\"pg-2062-0\"  class=\"panel-grid panel-has-style\" ><div style=\"padding: 10px 0; \" data-overlay=\"true\" data-overlay-color=\"#000000\" class=\"panel-row-style panel-row-style-for-2062-0\" ><div id=\"pgc-2062-0-0\"  class=\"panel-grid-cell panel-grid-cell-empty\" ><\/div><div id=\"pgc-2062-0-1\"  class=\"panel-grid-cell panel-grid-cell-mobile-last\" ><div id=\"panel-2062-0-1-0\" class=\"so-panel widget widget_sow-image panel-first-child\" data-index=\"0\" ><div style=\"text-align: left;\" data-title-color=\"#443f3f\" data-headings-color=\"#443f3f\" class=\"panel-widget-style panel-widget-style-for-2062-0-1-0\" ><div\n\t\t\t\n\t\t\tclass=\"so-widget-sow-image so-widget-sow-image-default-8b5b6f678277-2062\"\n\t\t\t\n\t\t>\n\n<div class=\"sow-image-container\">\n\t\t<img decoding=\"async\" src=\"https:\/\/grigoryan.cat\/en\/wp-content\/uploads\/sites\/4\/2018\/03\/Assessoria-la-Selva-Gestoria-Asesoria-fiscal-contable-laboral-seguros-Lloret-de-mar-7.jpg\" width=\"2448\" height=\"510\" srcset=\"https:\/\/grigoryan.cat\/en\/wp-content\/uploads\/sites\/4\/2018\/03\/Assessoria-la-Selva-Gestoria-Asesoria-fiscal-contable-laboral-seguros-Lloret-de-mar-7.jpg 2448w, https:\/\/grigoryan.cat\/en\/wp-content\/uploads\/sites\/4\/2018\/03\/Assessoria-la-Selva-Gestoria-Asesoria-fiscal-contable-laboral-seguros-Lloret-de-mar-7-300x63.jpg 300w, https:\/\/grigoryan.cat\/en\/wp-content\/uploads\/sites\/4\/2018\/03\/Assessoria-la-Selva-Gestoria-Asesoria-fiscal-contable-laboral-seguros-Lloret-de-mar-7-1024x213.jpg 1024w, https:\/\/grigoryan.cat\/en\/wp-content\/uploads\/sites\/4\/2018\/03\/Assessoria-la-Selva-Gestoria-Asesoria-fiscal-contable-laboral-seguros-Lloret-de-mar-7-768x160.jpg 768w, https:\/\/grigoryan.cat\/en\/wp-content\/uploads\/sites\/4\/2018\/03\/Assessoria-la-Selva-Gestoria-Asesoria-fiscal-contable-laboral-seguros-Lloret-de-mar-7-1536x320.jpg 1536w, https:\/\/grigoryan.cat\/en\/wp-content\/uploads\/sites\/4\/2018\/03\/Assessoria-la-Selva-Gestoria-Asesoria-fiscal-contable-laboral-seguros-Lloret-de-mar-7-2048x427.jpg 2048w, https:\/\/grigoryan.cat\/en\/wp-content\/uploads\/sites\/4\/2018\/03\/Assessoria-la-Selva-Gestoria-Asesoria-fiscal-contable-laboral-seguros-Lloret-de-mar-7-1568x327.jpg 1568w, https:\/\/grigoryan.cat\/en\/wp-content\/uploads\/sites\/4\/2018\/03\/Assessoria-la-Selva-Gestoria-Asesoria-fiscal-contable-laboral-seguros-Lloret-de-mar-7-24x5.jpg 24w, https:\/\/grigoryan.cat\/en\/wp-content\/uploads\/sites\/4\/2018\/03\/Assessoria-la-Selva-Gestoria-Asesoria-fiscal-contable-laboral-seguros-Lloret-de-mar-7-36x8.jpg 36w, https:\/\/grigoryan.cat\/en\/wp-content\/uploads\/sites\/4\/2018\/03\/Assessoria-la-Selva-Gestoria-Asesoria-fiscal-contable-laboral-seguros-Lloret-de-mar-7-48x10.jpg 48w\" sizes=\"auto, (max-width: 2448px) 100vw, 2448px\" title=\"POLITICA DE PRIVACIDAD\" alt=\"POLITICA DE PRIVACIDAD ASSESSORIA LA SELVA\" loading=\"lazy\" \t\tclass=\"so-widget-image\"\/>\n\t<\/div>\n\n<\/div><\/div><\/div><div id=\"panel-2062-0-1-1\" class=\"so-panel widget widget_sow-editor panel-last-child\" data-index=\"1\" ><div style=\"text-align: left;\" data-title-color=\"#443f3f\" data-headings-color=\"#443f3f\" class=\"panel-widget-style panel-widget-style-for-2062-0-1-1\" ><div\n\t\t\t\n\t\t\tclass=\"so-widget-sow-editor so-widget-sow-editor-base\"\n\t\t\t\n\t\t><h3 class=\"widget-title\">Pol\u00edtica de Privacidad<\/h3>\n<div class=\"siteorigin-widget-tinymce textwidget\">\n\t<p>&nbsp;<\/p>\n<h3>DATOS IDENTIFICATIVOS<\/h3>\n<p>ASSESSORIA LA SELVA, SL con CIF B17476730 con domicilio social en Av. Just Marl\u00e9s Vilarrodona, 52 entl 7 17310 Lloret de Mar, Girona, inscrita en el Registro Mercantil de Girona, tomo 938, Folio 40, GI-17526, Tel\u00e9fono 972-36-92-11 FAX 972-37-23-69 y direcci\u00f3n de correo electr\u00f3nico: <a href=\"mailto:info@grigoryan.cat\">info@grigoryan.cat<\/a>, siendo esta como la titular y propietaria del Dominio (www.) grigoryan.cat y del sitio web <a href=\"https:\/\/grigoryan.cat\">https:\/\/grigoryan.cat<\/a>.<\/p>\n<p><strong>\u00a0<\/strong><\/p>\n<h3><strong>CONDICIONES DE ACCESO Y USO DEL SITIO WEB<\/strong><\/h3>\n<p>ASSESSORIA LA SELVA, SL ha adecuado esta web a las exigencias de la Ley Org\u00e1nica 15\/1999, de 13 de diciembre, de Protecci\u00f3n de Datos de Car\u00e1cter Personal (LOPD), y al Real Decreto 1720\/2007, de 21 de diciembre, conocido como el Reglamento de desarrollo de la LOPD. Cumple tambi\u00e9n con el Reglamento (UE) 2016\/679 del Parlamento Europeo y del Consejo de 27 de abril de 2016 relativo a la protecci\u00f3n de las personas f\u00edsicas (RGPD), as\u00ed como con la Ley 34\/2002, de 11 de julio, de Servicios de la Sociedad de la Informaci\u00f3n y Comercio Electr\u00f3nico (LSSICE o LSSI).<\/p>\n<p>Responsable del tratamiento de tus datos personales<\/p>\n<ul>\n<li><strong>Identidad del responsable:<\/strong>Assessoria La Selva, SL<\/li>\n<li><strong>NIF\/CIF:<\/strong>B17476730<\/li>\n<li><strong>Direcci\u00f3n:<\/strong>Avinguda Just Marl\u00e9s Vilarrodona, 52 entl 7 17310 Lloret de Mar, Girona.<\/li>\n<li><strong>Tel\u00e9fono:<\/strong> 972369211<\/li>\n<li><strong>Fax:<\/strong> 972372369<\/li>\n<li><strong>Correo electr\u00f3nico:<\/strong><a href=\"mailto:info@grigoryan.cat\">info@grigoryan.cat<\/a><\/li>\n<li><strong>Actividad:<\/strong>Assessoria la Selva es un gabinete profesional de asesoramiento y consultor\u00eda empresarial, enfocado a dar servicio integral de asesoramiento tanto a empresas como a particulares. Pone a la disposici\u00f3n del cliente los siguientes servicios: asesoramiento fiscal, laboral, contable, seguros, mercantil, etc... todas las actividades t\u00edpicas del sector.<\/li>\n<\/ul>\n<p>&nbsp;<\/p>\n<p>El Usuario\u00a0que quiera facilitar sus datos de car\u00e1cter personal a trav\u00e9s de este sitio web\u00a0deber\u00e1 ser mayor de edad. En el caso de los menores de trece a\u00f1os se requiere el consentimiento de los padres o tutores para el tratamiento de sus datos personales.<\/p>\n<p>En ning\u00fan caso se recabar\u00e1n del menor de edad datos relativos a la situaci\u00f3n profesional, econ\u00f3mica o a la intimidad de los otros miembros de la familia, sin el consentimiento de \u00e9stos.<\/p>\n<p><strong>Si eres menor de trece a\u00f1os<\/strong> y has accedido a este sitio web sin el consentimiento previo de tus padres\u00a0<strong>no debes registrarte como usuario.<\/strong><\/p>\n<p>&nbsp;<\/p>\n<p>A efectos de lo previsto en el Reglamento General de Protecci\u00f3n de Datos (RGPD) antes citado, se informa que Assessoria la Selva\u00a0 se compromete con el\u00a0respeto a la intimidad del Usuario\u00a0y que los datos obtenidos cuando se completan los distintos formularios de la Web (formulario de contacto, formulario de suscripci\u00f3n, comentarios en el blog, registro de cuenta, redes sociales, etc.), ser\u00e1n tratados de forma confidencial y quedar\u00e1n incorporados a los respectivos\u00a0ficheros\u00a0de los que es responsable Assessoria La Selva, con las finalidades que se detallan en el\u00a0<a href=\"http:\/\/www.agpd.es\/portalwebAGPD\/ficheros_inscritos\/titularidad_publica\/busqueda_general\/index-ides-idphp.php\">Registro General de Protecci\u00f3n de Datos<\/a>\u00a0no siendo utilizados para finalidades incompatibles con estas.<\/p>\n<p>&nbsp;<\/p>\n<h3>FINALIDADES DEL TRATAMIENTO<\/h3>\n<p>Cuando un usuario se conecta con esta web por ejemplo para comentar un post, mandar un correo al titular, suscribirse o realizar alguna contrataci\u00f3n, est\u00e1 facilitando informaci\u00f3n de car\u00e1cter personal de la que es responsable\u00a0Assessoria la Selva. Esa informaci\u00f3n puede incluir datos de car\u00e1cter personal como pueden ser su direcci\u00f3n IP, nombre, direcci\u00f3n f\u00edsica, direcci\u00f3n de correo electr\u00f3nico, n\u00famero de tel\u00e9fono y otra informaci\u00f3n. Al facilitar esta informaci\u00f3n, el usuario da su consentimiento para que su informaci\u00f3n sea recopilada, utilizada, gestionada y almacenada por\u00a0Assessoria la Selva s\u00f3lo como se describe en el\u00a0<a href=\"https:\/\/grigoryan.cat\/avis-legal\/\">Aviso Legal<\/a>, <a href=\"https:\/\/grigoryan.cat\/politica-de-cookies\/\">Pol\u00edtica de Cookies<\/a> y en la presente\u00a0Pol\u00edtica de Privacidad.<\/p>\n<p>El Usuario otorga su consentimiento de forma expresa, libre e inequ\u00edvoca para la recogida y tratamiento de sus datos por parte de Assessoria La Selva, incluyendo sucursales y dem\u00e1s establecimientos de la misma, no pudiendo\u00a0en ning\u00fan momento vender dichos datos\u00a0a terceros ajenos a la organizaci\u00f3n de Assessoria La Selva. El tratamiento por parte de las autorizadas ser\u00e1 de car\u00e1cter publicitario, estad\u00edstico, comercial y dem\u00e1s herramientas de marketing existentes.<\/p>\n<p>Assessoria La Selva, no vende, alquila ni cede datos de car\u00e1cter personal que puedan identificar al usuario, ni lo har\u00e1 en el futuro, a terceros sin el consentimiento previo. Sin embargo, en algunos casos se pueden realizar colaboraciones con otros profesionales, en esos casos, se requerir\u00e1 consentimiento a los usuarios informando sobre la identidad del colaborador y la finalidad de la colaboraci\u00f3n. Siempre se realizar\u00e1 con los m\u00e1s estrictos est\u00e1ndares de seguridad.<\/p>\n<p>La recogida de datos de car\u00e1cter personal se lleva a cabo con la finalidad de prestar los servicios contemplados en la Web de Assessoria La Selva. Assessoria la Selva se compromete a que los datos de car\u00e1cter personal solicitados ser\u00e1n los estrictamente necesarios para llevar a cabo las finalidades que se detallan a continuaci\u00f3n:<\/p>\n<ul>\n<li>Prestarle los servicios que ofrece el Sitio Web.<\/li>\n<li>Para apoyar y mejorar los servicios que ofrece esta web.<\/li>\n<li>Para garantizar el cumplimiento de las condiciones de uso y la ley aplicable. Esto puede incluir el desarrollo de herramientas y algoritmos que ayudan a esta web a garantizar la confidencialidad de los datos personales que recoge.<\/li>\n<li>Resolver cualquier tipo de cuesti\u00f3n o incidencia relacionada con los servicios ofrecidos y responder de forma \u00e1gil, fiable y r\u00e1pida a todas las consultas, inquietudes o sugerencias que desee plantear.<\/li>\n<li>Env\u00edo de Newsletters\u00a0y avisos.<\/li>\n<li>Remitir publicidad de productos y servicios, ofertas y, en general, informaci\u00f3n de car\u00e1cter comercial de inter\u00e9s para el Usuario, relacionado con los bienes y servicios que se ofertan a trav\u00e9s de la Web,\u00a0sin que los datos est\u00e9n a disposici\u00f3n de ning\u00fan tercero\u00a0no anunciado en la Web, salvo autorizaci\u00f3n expresa del Usuario.<\/li>\n<li>Para gestionar las redes sociales. Assessoria La Selva puede tener presencia en redes sociales. El tratamiento de los datos que se lleve a cabo de las \u00a0personas que se hagan seguidoras en las redes sociales de las p\u00e1ginas oficiales de Assessoria La Selva, se regir\u00e1 por este apartado. As\u00ed como por aquellas condiciones de uso, pol\u00edticas de privacidad y normativas de acceso que pertenezcan a la red social que proceda en cada caso y aceptadas previamente por el usuario de\u00a0Assessoria la Selva.\u00a0Tratar\u00e1 sus datos con las finalidades de administrar correctamente su presencia en la red social, informando de actividades, productos o servicios de\u00a0Assessoria la Selva. \u00a0As\u00ed como para cualquier otra finalidad que las normativas de las redes sociales permitan. En ning\u00fan caso utilizar\u00e9 los perfiles de seguidores en redes sociales para enviar publicidad de manera individual.<\/li>\n<\/ul>\n<p>&nbsp;<\/p>\n<p>Los datos recabados por el Sitio Web se conservar\u00e1n mientras se mantenga la relaci\u00f3n contractual entre las partes, siempre y cuando no se solicite la supresi\u00f3n de dichos datos por el interesado.<\/p>\n<p>En el momento de proceder a la recogida de los datos se indicar\u00e1 el car\u00e1cter voluntario u obligatorio de los datos objeto de recogida.\u00a0Los campos se\u00f1alados con un asterisco (*) son de obligado cumplimiento.<\/p>\n<p>&nbsp;<\/p>\n<h3>CAPTURA DE INFORMACI\u00d3N<\/h3>\n<p>En\u00a0la web de Assessoria la Selva\u00a0existen diferentes sistemas de captura de informaci\u00f3n personal:<\/p>\n<p><strong>Formulario de contacto:<\/strong>\u00a0sirve para responder a los requerimientos de los usuarios de\u00a0Assessoria la Selva. Se utilizan estos datos para responder a tu solicitud y dar respuesta a las dudas, quejas, comentarios o inquietudes que puedas tener relativas a la informaci\u00f3n incluida en la web, los servicios que se prestan a trav\u00e9s de la web, el tratamiento de sus datos personales, cuestiones referentes a los textos legales incluidos en la web, as\u00ed como cualesquiera otras consultas que pueda tener y que no est\u00e9n sujetas a las condiciones de contrataci\u00f3n. Le informamos que los datos que faciliten estar\u00e1n ubicados en los servidores de la compa\u00f1\u00eda Hostinger Espa\u00f1a con direcci\u00f3n\u00a061 Lordou Vironos, Larnaca, CY, 6023, pa\u00eds:\u00a0Chipre y numero CIF (VAT)\u00a010301365E (proveedor de hosting de Assessoria la Selva) dentro de la UE.<\/p>\n<p><strong>Formulario de suscripci\u00f3n a contenidos:\u00a0<\/strong>sirve\u00a0 para gestionar la lista de suscripciones, enviar boletines, promociones y ofertas especiales, facilitados por el usuario al realizar la suscripci\u00f3n. Dentro de la web existen varios formularios para activar la suscripci\u00f3n.\u00a0 Le informamos que los datos que faciliten estar\u00e1n ubicados en los servidores de la compa\u00f1\u00eda Hostinger Espa\u00f1a con direcci\u00f3n\u00a061 Lordou Vironos, Larnaca, CY, 6023, pa\u00eds:\u00a0Chipre y numero CIF (VAT)\u00a010301365E (proveedor de hosting de Assessoria la Selva) dentro de la UE.<\/p>\n<p><strong>Formulario de registro y alta para comentarios del blog:\u00a0<\/strong>Para comentar las publicaciones del blog\u00a0Assessoria la Selva, SL\u00a0se requiere que el usuario se d\u00e9 de alta a trav\u00e9s de este formulario. Una vez dado de alta, el usuario podr\u00e1 realizar tantos comentarios como desee y dar respuesta sobre los anteriores.\u00a0Le informamos que los datos que faciliten estar\u00e1n ubicados en los servidores de la compa\u00f1\u00eda Hostinger Espa\u00f1a con direcci\u00f3n\u00a061 Lordou Vironos, Larnaca, CY, 6023, pa\u00eds:\u00a0Chipre y numero CIF (VAT)\u00a010301365E (proveedor de hosting de Assessoria la Selva) dentro de la UE.<\/p>\n<p>&nbsp;<\/p>\n<p>&nbsp;<\/p>\n<h3>DERECHOS DE ACCESO, RECTIFICACI\u00d3N, CANCELACI\u00d3N Y OPOSICI\u00d3N<\/h3>\n<p>Assessoria La Selva ha adoptado las medidas t\u00e9cnicas y organizativas necesarias para\u00a0garantizar la seguridad e integridad de los datos, as\u00ed como para evitar su alteraci\u00f3n, perdida, tratamiento o acceso no autorizado.<\/p>\n<p>El acceso a la informaci\u00f3n sobre los clientes est\u00e1 restringido a aquellos empleados que leg\u00edtimamente necesiten hacer uso de dicha informaci\u00f3n para realizar su trabajo, estando todos ellos obligados a cumplir las mismas medidas de seguridad en el tratamiento y conservaci\u00f3n de la informaci\u00f3n de car\u00e1cter personal.<\/p>\n<p>Cualquier persona tiene derecho a obtener confirmaci\u00f3n sobre si en Assessoria la Selva se est\u00e1n tratando datos personales que les conciernan, o no.<\/p>\n<p>Las personas interesadas tienen derecho a acceder a sus datos personales, as\u00ed como a solicitar la rectificaci\u00f3n de los datos inexactos o, en su caso, solicitar su supresi\u00f3n cuando, entre otros motivos, los datos ya no sean necesarios para los fines que fueron recogidos.<\/p>\n<p>En determinadas circunstancias, los interesados podr\u00e1n solicitar la limitaci\u00f3n del tratamiento de sus datos, en cuyo caso \u00fanicamente los conservaremos para el ejercicio o la defensa de reclamaciones.<\/p>\n<p>En determinadas circunstancias y por motivos relacionados con su situaci\u00f3n particular, los interesados podr\u00e1n oponerse al tratamiento de sus datos.<\/p>\n<p>Las personas interesadas tienen derecho a:<\/p>\n<ul>\n<li>Solicitar el acceso a los datos personales relativos al interesado.<\/li>\n<li>Solicitar su rectificaci\u00f3n o supresi\u00f3n.<\/li>\n<li>Solicitar la limitaci\u00f3n de su tratamiento.<\/li>\n<li>Oponerse al tratamiento.<\/li>\n<li>Solicitar la portabilidad de los datos.<\/li>\n<\/ul>\n<p>&nbsp;<\/p>\n<p>En determinadas circunstancias, los interesados podr\u00e1n solicitar la\u00a0limitaci\u00f3n\u00a0del tratamiento de sus datos, en cuyo caso, \u00fanicamente los conservar\u00e9 para el ejercicio o la defensa de reclamaciones.<\/p>\n<p>En determinadas circunstancias y por motivos relacionados con su situaci\u00f3n particular, los interesados podr\u00e1n\u00a0oponerse\u00a0al tratamiento de sus datos.\u00a0Assessoria la Selva\u00a0dejar\u00e1 de tratar los datos, salvo por motivos leg\u00edtimos imperiosos, o el ejercicio o la defensa de posibles reclamaciones. Tambi\u00e9n podr\u00e1n solicitar la\u00a0portabilidad\u00a0de sus datos.<\/p>\n<p>Los interesados tambi\u00e9n tendr\u00e1n derecho a la tutela judicial efectiva y a presentar una reclamaci\u00f3n ante la autoridad de control, en este caso, la Agencia Espa\u00f1ola de Protecci\u00f3n de Datos, si consideran que el tratamiento de datos personales que le conciernen infringe el Reglamento.<\/p>\n<p>&nbsp;<\/p>\n<h3>TRANSMISI\u00d3N DE INFORMACI\u00d3N<\/h3>\n<p>Para prestar servicios estrictamente necesarios para el desarrollo de la actividad,\u00a0Assessoria la Selva, SL, comparte\u00a0datos con los siguientes prestadores bajo sus correspondientes condiciones de privacidad.<\/p>\n<p>Todas las utilidades ofrecidas por terceros son estrictamente necesarias para el desarrollo de los servicios y han sido seleccionadas\u00a0atendiendo al cumplimiento de los derechos que preservo en esta web.<\/p>\n<p>Las siguientes empresas tendr\u00e1n acceso a la informaci\u00f3n personal necesaria para realizar sus funciones como encargados de tratamiento, pero no podr\u00e1n utilizarla para otros fines. Adem\u00e1s, deber\u00e1n tratar la informaci\u00f3n personal de conformidad con la presente Pol\u00edtica de Privacidad y la legislaci\u00f3n aplicable en materia de protecci\u00f3n de datos.<\/p>\n<p><strong>Hosting<\/strong>:\u00a0Hostinger Espa\u00f1a con direcci\u00f3n\u00a061 Lordou Vironos, Larnaca, CY, 6023, pa\u00eds:\u00a0Chipre y numero CIF (VAT)\u00a010301365E m\u00e1s informaci\u00f3n en <a href=\"https:\/\/www.hostinger.es\">https:\/\/www.hostinger.es<\/a> trata los datos con la finalidad de realizar sus servicios como proveedor de hosting y dominio.<\/p>\n<p><strong>Plataforma web:\u00a0<\/strong>WordPress.org, \u00a0m\u00e1s informaci\u00f3n en\u00a0https:\/\/wordpress.org\/\u00a0trata los datos con la finalidad de realizar sus servicios de soporte al mantenimiento de la web.<\/p>\n<p><strong>Google Analytics<\/strong>: un servicio anal\u00edtico de web prestado por Google, Inc., una compa\u00f1\u00eda de Delaware cuya oficina principal est\u00e1 en 1600 Amphitheatre Parkway, Mountain View (California), CA 94043, Estados Unidos (\u201cGoogle\u201d). Google Analytics utiliza \u201ccookies\u201d, que son archivos de texto ubicados en su ordenador, para ayudar a\u00a0\u00a0Assessoria la Selva a analizar el uso que hacen los usuarios del sitio web. La informaci\u00f3n que genera la cookie acerca de su uso de\u00a0Assessoria la Selva\u00a0(incluyendo su direcci\u00f3n IP) ser\u00e1 directamente transmitida y archivada por Google en los servidores de Estados Unidos.<\/p>\n<p>&nbsp;<\/p>\n<h3>DATOS DE NAVEGACI\u00d3N<\/h3>\n<p>Al navegar por\u00a0Assessoria la Selva se pueden recoger datos no identificables, que pueden incluir, direcciones IP, ubicaci\u00f3n geogr\u00e1fica (aproximadamente), un registro de c\u00f3mo se utilizan los servicios y sitios, y otros datos que no pueden ser utilizados para identificar al usuario. Entre los datos no identificativos est\u00e1n tambi\u00e9n los relacionados a tus h\u00e1bitos de navegaci\u00f3n a trav\u00e9s de servicios de terceros. Esta web utiliza los siguientes servicios de an\u00e1lisis de terceros:<\/p>\n<ul>\n<li>Google Analytics.<\/li>\n<li>Search Console.<\/li>\n<\/ul>\n<p>Utilizo esta informaci\u00f3n para analizar tendencias, administrar el sitio, rastrear los movimientos de los usuarios alrededor del sitio y para recopilar informaci\u00f3n demogr\u00e1fica sobre nuestra base de usuarios en su conjunto.<\/p>\n<p><strong>\u00a0<\/strong><\/p>\n<h3>SECRETO Y SEGURIDAD DE LOS DATOS<\/h3>\n<p>Assessoria la Selva se compromete en el uso y tratamiento de los datos personales incluidos de los usuarios, respetando su confidencialidad y a utilizarlos de acuerdo con la finalidad de los mismos, as\u00ed como a dar cumplimiento a su obligaci\u00f3n de guardarlos y adaptar todas las medidas para evitar la alteraci\u00f3n, p\u00e9rdida, tratamiento o acceso no autorizado (Como los protocolos Https que se utiliza), de conformidad con lo establecido en la normativa vigente de protecci\u00f3n de datos.<\/p>\n<p>Assessoria la Selva\u00a0no puede garantizar la absoluta inexpugnabilidad de la red de Internet y por tanto, la violaci\u00f3n de los datos mediante accesos fraudulentos a ellos por parte de terceros.<\/p>\n<h3>EXACTITUD Y VERACIDAD DE LOS DATOS<\/h3>\n<p>Como usuario, eres el \u00fanico responsable de la veracidad y correcci\u00f3n de los datos que remitas a\u00a0Assessoria la Selva\u00a0exonerando a\u00a0Assessoria la Selva, de cualquier responsabilidad al respecto. Los usuarios garantizan y responden, en cualquier caso, de la exactitud, vigencia y autenticidad de los datos personales facilitados y se comprometen a mantenerlos debidamente actualizados. El usuario acepta proporcionar informaci\u00f3n completa y correcta en el formulario de contacto o suscripci\u00f3n.<\/p>\n<p>&nbsp;<\/p>\n<h3>ACEPTACI\u00d3N Y CONSENTIMIENTO<\/h3>\n<p>El usuario declara haber sido informado de las condiciones sobre protecci\u00f3n de datos de car\u00e1cter personal, aceptando y consintiendo el tratamiento de los mismos por parte de\u00a0Assessoria la Selva\u00a0en la forma y para las finalidades indicadas en esta pol\u00edtica de privacidad.<\/p>\n<p>&nbsp;<\/p>\n<h3>CAMBIOS EN LA POL\u00cdTICA DE PRIVACIDAD<\/h3>\n<p>Assessoria la Selva, se reserva el derecho a modificar la presente pol\u00edtica para adaptarla a novedades legislativas o jurisprudenciales, as\u00ed como a pr\u00e1cticas de la industria. En dichos supuestos, el Prestador anunciar\u00e1 en esta p\u00e1gina los cambios introducidos con razonable antelaci\u00f3n a su puesta en pr\u00e1ctica.<\/p>\n<h3>CORREOS COMERCIALES<\/h3>\n<p>De acuerdo con la LSSICE,\u00a0Assessoria la Selva no realiza pr\u00e1cticas de SPAM, por lo que no env\u00eda correos comerciales por v\u00eda electr\u00f3nica que no hayan sido previamente solicitados o autorizados por el usuario. En consecuencia, en cada uno de los formularios habidos en la web, el usuario tiene la posibilidad de dar su consentimiento expreso para recibir el bolet\u00edn, con independencia de la informaci\u00f3n comercial puntualmente solicitada.<\/p>\n<p>Conforme a lo dispuesto en la Ley 34\/2002 de Servicios de la Sociedad de la Informaci\u00f3n y de comercio electr\u00f3nico,\u00a0Assessoria la Selva se compromete a no enviar comunicaciones de car\u00e1cter comercial sin identificarlas debidamente.<\/p>\n<p>&nbsp;<\/p>\n<\/div>\n<\/div><\/div><\/div><\/div><div id=\"pgc-2062-0-2\"  class=\"panel-grid-cell panel-grid-cell-empty\" ><\/div><\/div><\/div><\/div>","protected":false},"excerpt":{"rendered":"<p>&nbsp; DATOS IDENTIFICATIVOS ASSESSORIA LA SELVA, SL con CIF B17476730 con domicilio social en Av. Just Marl\u00e9s Vilarrodona, 52 entl 7 17310 [&hellip;]<\/p>\n","protected":false},"author":1,"featured_media":0,"parent":0,"menu_order":0,"comment_status":"closed","ping_status":"closed","template":"page-templates\/page_front-page.php","meta":{"footnotes":""},"class_list":["post-2062","page","type-page","status-publish","hentry"],"yoast_head":"<!-- This site is optimized with the Yoast SEO plugin v21.0 - https:\/\/yoast.com\/wordpress\/plugins\/seo\/ -->\n<title>POL\u00cdTICA DE PRIVACITAT - R. GRIGORYAN<\/title>\n<meta name=\"robots\" content=\"index, follow, max-snippet:-1, max-image-preview:large, max-video-preview:-1\" \/>\n<link rel=\"canonical\" href=\"https:\/\/grigoryan.cat\/en\/politica-de-privacitat\/\" \/>\n<meta property=\"og:locale\" content=\"en_US\" \/>\n<meta property=\"og:type\" content=\"article\" \/>\n<meta property=\"og:title\" content=\"POL\u00cdTICA DE PRIVACITAT - R. GRIGORYAN\" \/>\n<meta property=\"og:description\" content=\"&nbsp; DATOS IDENTIFICATIVOS ASSESSORIA LA SELVA, SL con CIF B17476730 con domicilio social en Av. Just Marl\u00e9s Vilarrodona, 52 entl 7 17310 [&hellip;]\" \/>\n<meta property=\"og:url\" content=\"https:\/\/grigoryan.cat\/en\/politica-de-privacitat\/\" \/>\n<meta property=\"og:site_name\" content=\"R. GRIGORYAN\" \/>\n<meta name=\"twitter:card\" content=\"summary_large_image\" \/>\n<meta name=\"twitter:label1\" content=\"Est. reading time\" \/>\n\t<meta name=\"twitter:data1\" content=\"14 minutes\" \/>\n<script type=\"application\/ld+json\" class=\"yoast-schema-graph\">{\"@context\":\"https:\/\/schema.org\",\"@graph\":[{\"@type\":\"WebPage\",\"@id\":\"https:\/\/grigoryan.cat\/en\/politica-de-privacitat\/\",\"url\":\"https:\/\/grigoryan.cat\/en\/politica-de-privacitat\/\",\"name\":\"POL\u00cdTICA DE PRIVACITAT - R. GRIGORYAN\",\"isPartOf\":{\"@id\":\"https:\/\/grigoryan.cat\/en\/#website\"},\"datePublished\":\"2018-04-30T14:37:17+00:00\",\"dateModified\":\"2018-04-30T14:37:17+00:00\",\"breadcrumb\":{\"@id\":\"https:\/\/grigoryan.cat\/en\/politica-de-privacitat\/#breadcrumb\"},\"inLanguage\":\"en-US\",\"potentialAction\":[{\"@type\":\"ReadAction\",\"target\":[\"https:\/\/grigoryan.cat\/en\/politica-de-privacitat\/\"]}]},{\"@type\":\"BreadcrumbList\",\"@id\":\"https:\/\/grigoryan.cat\/en\/politica-de-privacitat\/#breadcrumb\",\"itemListElement\":[{\"@type\":\"ListItem\",\"position\":1,\"name\":\"Inici\",\"item\":\"https:\/\/grigoryan.cat\/en\/\"},{\"@type\":\"ListItem\",\"position\":2,\"name\":\"POL\u00cdTICA DE PRIVACITAT\"}]},{\"@type\":\"WebSite\",\"@id\":\"https:\/\/grigoryan.cat\/en\/#website\",\"url\":\"https:\/\/grigoryan.cat\/en\/\",\"name\":\"R. GRIGORYAN\",\"description\":\"Consulting, Tax, Labour, Accounting, Commercial and Insurance\",\"potentialAction\":[{\"@type\":\"SearchAction\",\"target\":{\"@type\":\"EntryPoint\",\"urlTemplate\":\"https:\/\/grigoryan.cat\/en\/?s={search_term_string}\"},\"query-input\":\"required name=search_term_string\"}],\"inLanguage\":\"en-US\"}]}<\/script>\n<!-- \/ Yoast SEO plugin. -->","yoast_head_json":{"title":"POL\u00cdTICA DE PRIVACITAT - R. GRIGORYAN","robots":{"index":"index","follow":"follow","max-snippet":"max-snippet:-1","max-image-preview":"max-image-preview:large","max-video-preview":"max-video-preview:-1"},"canonical":"https:\/\/grigoryan.cat\/en\/politica-de-privacitat\/","og_locale":"en_US","og_type":"article","og_title":"POL\u00cdTICA DE PRIVACITAT - R. GRIGORYAN","og_description":"&nbsp; DATOS IDENTIFICATIVOS ASSESSORIA LA SELVA, SL con CIF B17476730 con domicilio social en Av. Just Marl\u00e9s Vilarrodona, 52 entl 7 17310 [&hellip;]","og_url":"https:\/\/grigoryan.cat\/en\/politica-de-privacitat\/","og_site_name":"R. GRIGORYAN","twitter_card":"summary_large_image","twitter_misc":{"Est. reading time":"14 minutes"},"schema":{"@context":"https:\/\/schema.org","@graph":[{"@type":"WebPage","@id":"https:\/\/grigoryan.cat\/en\/politica-de-privacitat\/","url":"https:\/\/grigoryan.cat\/en\/politica-de-privacitat\/","name":"POL\u00cdTICA DE PRIVACITAT - R. GRIGORYAN","isPartOf":{"@id":"https:\/\/grigoryan.cat\/en\/#website"},"datePublished":"2018-04-30T14:37:17+00:00","dateModified":"2018-04-30T14:37:17+00:00","breadcrumb":{"@id":"https:\/\/grigoryan.cat\/en\/politica-de-privacitat\/#breadcrumb"},"inLanguage":"en-US","potentialAction":[{"@type":"ReadAction","target":["https:\/\/grigoryan.cat\/en\/politica-de-privacitat\/"]}]},{"@type":"BreadcrumbList","@id":"https:\/\/grigoryan.cat\/en\/politica-de-privacitat\/#breadcrumb","itemListElement":[{"@type":"ListItem","position":1,"name":"Inici","item":"https:\/\/grigoryan.cat\/en\/"},{"@type":"ListItem","position":2,"name":"POL\u00cdTICA DE PRIVACITAT"}]},{"@type":"WebSite","@id":"https:\/\/grigoryan.cat\/en\/#website","url":"https:\/\/grigoryan.cat\/en\/","name":"R. GRIGORYAN","description":"Consulting, Tax, Labour, Accounting, Commercial and Insurance","potentialAction":[{"@type":"SearchAction","target":{"@type":"EntryPoint","urlTemplate":"https:\/\/grigoryan.cat\/en\/?s={search_term_string}"},"query-input":"required name=search_term_string"}],"inLanguage":"en-US"}]}},"_links":{"self":[{"href":"https:\/\/grigoryan.cat\/en\/wp-json\/wp\/v2\/pages\/2062","targetHints":{"allow":["GET"]}}],"collection":[{"href":"https:\/\/grigoryan.cat\/en\/wp-json\/wp\/v2\/pages"}],"about":[{"href":"https:\/\/grigoryan.cat\/en\/wp-json\/wp\/v2\/types\/page"}],"author":[{"embeddable":true,"href":"https:\/\/grigoryan.cat\/en\/wp-json\/wp\/v2\/users\/1"}],"replies":[{"embeddable":true,"href":"https:\/\/grigoryan.cat\/en\/wp-json\/wp\/v2\/comments?post=2062"}],"version-history":[{"count":0,"href":"https:\/\/grigoryan.cat\/en\/wp-json\/wp\/v2\/pages\/2062\/revisions"}],"wp:attachment":[{"href":"https:\/\/grigoryan.cat\/en\/wp-json\/wp\/v2\/media?parent=2062"}],"curies":[{"name":"wp","href":"https:\/\/api.w.org\/{rel}","templated":true}]}}